{"id":75,"date":"2018-04-09T19:34:50","date_gmt":"2018-04-09T17:34:50","guid":{"rendered":"http:\/\/medecine-philosophie.com\/?page_id=75"},"modified":"2024-08-25T15:13:07","modified_gmt":"2024-08-25T13:13:07","slug":"la-redaction","status":"publish","type":"page","link":"https:\/\/medecine-philosophie.com\/index.php\/a-propos-de\/la-redaction\/","title":{"rendered":"La r\u00e9daction"},"content":{"rendered":"\n<p>Contact&nbsp;:<a href=\"http:\/\/web.archive.org\/web\/20191111121414\/mailto:medecineetphilosophie@gmail.com\">&nbsp;medecineetphilosophie@gmail.com<\/a><\/p>\n\n\n\n<h5><strong>Codirecteurs de publication <\/strong>: <\/h5>\n\n\n\n<ul><li>Brice Poreau, MD, PhD (philosophie) et PhD (sciences biologiques)<ul><li><em>M\u00e9decin g\u00e9n\u00e9ticien, chef de service, Responsable des pr\u00e9l\u00e8vements du Rh\u00f4ne (EFS &#8211; AuRA), S2HEP (Universit\u00e9 Claude Bernard Lyon)<\/em><\/li><\/ul><\/li><\/ul>\n\n\n\n<ul><li>Christophe Gauld, MD, PhD (philosophie), M.Eng (sciences computationnelles)<ul><li><em>P\u00e9dopsychiatre, chercheur \u00e0 l&rsquo;institut des sciences cognitives (Lyon 1) et \u00e0 l&rsquo;IRPhil (Lyon-3) \u2013 Ecole Centrale (Paris)<\/em><\/li><\/ul><\/li><\/ul>\n\n\n\n<p><\/p>\n\n\n\n<p><strong>Secr\u00e9taire de r\u00e9daction<\/strong> : <\/p>\n\n\n\n<p>Arnaud Sorosina, agr\u00e9g\u00e9, PhD (philosophie)<\/p>\n\n\n\n<p>&nbsp;&nbsp;&nbsp;&nbsp;&nbsp;&nbsp;&nbsp;&nbsp;&nbsp;&nbsp;&nbsp; Affiliation : HiPhiMo, Paris I<\/p>\n\n\n\n<p><\/p>\n\n\n\n<p><strong>Comit\u00e9 de r\u00e9daction :<\/strong><\/p>\n\n\n\n<p>Julia Tinland, PhD (philosophie)<\/p>\n\n\n\n<p>&nbsp;&nbsp;&nbsp;&nbsp;&nbsp;&nbsp;&nbsp;&nbsp;&nbsp;&nbsp;&nbsp; Affiliation : Sorbonne Universit\u00e9, SiRIC CURAMUS<\/p>\n\n\n\n<p>Chlo\u00e9 Vall\u00e9e, PhD (anthropologie)<\/p>\n\n\n\n<p>&nbsp;&nbsp;&nbsp;&nbsp;&nbsp;&nbsp;&nbsp;&nbsp;&nbsp;&nbsp;&nbsp; Affiliation : Idemec, Universit\u00e9 Aix-Marseille<\/p>\n\n\n\n<p>Boris Nicolle, MD (psychiatrie)<\/p>\n\n\n\n<p>&nbsp;&nbsp;&nbsp;&nbsp;&nbsp;&nbsp;&nbsp;&nbsp;&nbsp;&nbsp;&nbsp; Affiliation : CHU Bordeaux<\/p>\n\n\n\n<p>Enzo Zeylstra, MD, AHU (urgentiste)<\/p>\n\n\n\n<p>&nbsp;&nbsp;&nbsp;&nbsp;&nbsp;&nbsp;&nbsp;&nbsp;&nbsp;&nbsp;&nbsp; Affiliation : CHU Toulouse<\/p>\n\n\n\n<p>Claire Sandr\u00e9, MD (chirurgie)<\/p>\n\n\n\n<p>&nbsp;&nbsp;&nbsp;&nbsp;&nbsp;&nbsp;&nbsp;&nbsp;&nbsp;&nbsp;&nbsp; Affiliation : CHU Grenoble-Alpes<\/p>\n\n\n\n<p>Antoine Jaffiol, MD (m\u00e9decine du sommeil)<\/p>\n\n\n\n<p>&nbsp;&nbsp;&nbsp;&nbsp;&nbsp;&nbsp;&nbsp;&nbsp;&nbsp;&nbsp;&nbsp; Affiliation : CHU Lyon<\/p>\n\n\n\n<p><\/p>\n\n\n\n<p><strong>Conseil scientifique<\/strong> : <\/p>\n\n\n\n<p>Pascal Nouvel, Professeur (philosophie)<\/p>\n\n\n\n<p>&nbsp;&nbsp;&nbsp;&nbsp;&nbsp;&nbsp;&nbsp;&nbsp;&nbsp;&nbsp;&nbsp;Affiliation&nbsp;: Universit\u00e9 Paul Val\u00e9ry, Montpellier<\/p>\n\n\n\n<p>Jean-Philippe Pierron, Professeur (philosophie)<\/p>\n\n\n\n<p>&nbsp;&nbsp;&nbsp;&nbsp;&nbsp;&nbsp;&nbsp;&nbsp;&nbsp;&nbsp;&nbsp;Affiliation&nbsp;: Universit\u00e9 de Bourgogne<\/p>\n\n\n\n<p>Alexandre El Omeiri, MD, PhD (philosophie)<\/p>\n\n\n\n<p>&nbsp;&nbsp;&nbsp;&nbsp;&nbsp;&nbsp;&nbsp;&nbsp;&nbsp;&nbsp;&nbsp;Affiliation : Universit\u00e9 Aix-Marseille, ENS Lyon<\/p>\n\n\n\n<p>Michel Cermolacce, Professeur (psychiatrie)<\/p>\n\n\n\n<p>&nbsp;&nbsp;&nbsp;&nbsp;&nbsp;&nbsp;&nbsp;&nbsp;&nbsp;&nbsp;&nbsp;Affiliation : Universit\u00e9 Aix-Marseille<\/p>\n\n\n\n<p>Boris Nicolle, MD (psychiatrie)<\/p>\n\n\n\n<p>&nbsp;&nbsp;&nbsp;&nbsp;&nbsp;&nbsp;&nbsp;&nbsp;&nbsp;&nbsp;&nbsp;Affiliation : Universit\u00e9 de Bordeaux<\/p>\n\n\n\n<p>Julien Maquet, MD, MSc (interniste)<\/p>\n\n\n\n<p>&nbsp;&nbsp;&nbsp;&nbsp;&nbsp;&nbsp;&nbsp;&nbsp;&nbsp;&nbsp;&nbsp;Affiliation : CHU Toulouse<\/p>\n\n\n\n<p>Vincent Martin, PhD (informatique et \u00e9pist\u00e9mologie en sant\u00e9)<\/p>\n\n\n\n<p>&nbsp;&nbsp;&nbsp;&nbsp;&nbsp;&nbsp;&nbsp;&nbsp;&nbsp;&nbsp;&nbsp;Affiliation : Universit\u00e9 de Bordeaux<\/p>\n\n\n\n<p><\/p>\n\n\n\n<p><strong>Comit\u00e9 technique :<\/strong><\/p>\n\n\n\n<p>Mariline Kessler<\/p>\n\n\n\n<p>&nbsp;&nbsp;&nbsp;&nbsp;&nbsp;&nbsp;&nbsp;&nbsp;&nbsp;&nbsp;&nbsp;Juriste (avocate)&nbsp;<\/p>\n\n\n\n<p>Julie Reversat, MD (biologie)<\/p>\n\n\n\n<p>&nbsp;&nbsp;&nbsp;&nbsp;&nbsp;&nbsp;&nbsp;&nbsp;&nbsp;&nbsp;&nbsp;Bilingue (relecture)<\/p>\n\n\n\n<p>G\u00e9rard Gauld<\/p>\n\n\n\n<p>&nbsp;&nbsp;&nbsp;&nbsp;&nbsp;&nbsp;&nbsp;&nbsp;&nbsp;&nbsp;&nbsp;Informaticien<\/p>\n","protected":false},"excerpt":{"rendered":"<p>Contact&nbsp;:&nbsp;medecineetphilosophie@gmail.com Codirecteurs de publication : Brice Poreau, MD, PhD (philosophie) et PhD (sciences biologiques) M\u00e9decin g\u00e9n\u00e9ticien, chef de service, Responsable des pr\u00e9l\u00e8vements du Rh\u00f4ne (EFS &#8211; AuRA), S2HEP (Universit\u00e9 Claude Bernard Lyon) Christophe Gauld, MD, PhD (philosophie), M.Eng (sciences computationnelles)<\/p>\n","protected":false},"author":1,"featured_media":0,"parent":8,"menu_order":1,"comment_status":"closed","ping_status":"closed","template":"","meta":[],"acf":[],"yoast_head":"<!-- This site is optimized with the Yoast SEO plugin v15.9.2 - https:\/\/yoast.com\/wordpress\/plugins\/seo\/ -->\n<title>La r\u00e9daction - Revue M\u00e9decine et Philosophie<\/title>\n<meta name=\"robots\" content=\"index, follow, max-snippet:-1, max-image-preview:large, max-video-preview:-1\" \/>\n<link rel=\"canonical\" href=\"https:\/\/medecine-philosophie.com\/index.php\/a-propos-de\/la-redaction\/\" \/>\n<meta property=\"og:locale\" content=\"fr_FR\" \/>\n<meta property=\"og:type\" content=\"article\" \/>\n<meta property=\"og:title\" content=\"La r\u00e9daction - Revue M\u00e9decine et Philosophie\" \/>\n<meta property=\"og:description\" content=\"Contact&nbsp;:&nbsp;medecineetphilosophie@gmail.com Codirecteurs de publication : Brice Poreau, MD, PhD (philosophie) et PhD (sciences biologiques) M\u00e9decin g\u00e9n\u00e9ticien, chef de service, Responsable des pr\u00e9l\u00e8vements du Rh\u00f4ne (EFS &#8211; AuRA), S2HEP (Universit\u00e9 Claude Bernard Lyon) Christophe Gauld, MD, PhD (philosophie), M.Eng (sciences computationnelles)\" \/>\n<meta property=\"og:url\" content=\"https:\/\/medecine-philosophie.com\/index.php\/a-propos-de\/la-redaction\/\" \/>\n<meta property=\"og:site_name\" content=\"Revue M\u00e9decine et Philosophie\" \/>\n<meta property=\"article:publisher\" content=\"https:\/\/www.facebook.com\/Revue-M%c3%a9decine-et-Philosophie-1057556234396943\/\" \/>\n<meta property=\"article:modified_time\" content=\"2024-08-25T13:13:07+00:00\" \/>\n<meta name=\"twitter:card\" content=\"summary_large_image\" \/>\n<meta name=\"twitter:label1\" content=\"Dur\u00e9e de lecture est.\">\n\t<meta name=\"twitter:data1\" content=\"1 minute\">\n<script type=\"application\/ld+json\" class=\"yoast-schema-graph\">{\"@context\":\"https:\/\/schema.org\",\"@graph\":[{\"@type\":\"Organization\",\"@id\":\"https:\/\/medecine-philosophie.com\/#organization\",\"name\":\"Revue M\\u00e9decine et Philosophie\",\"url\":\"https:\/\/medecine-philosophie.com\/\",\"sameAs\":[\"https:\/\/www.facebook.com\/Revue-M\\u00e9decine-et-Philosophie-1057556234396943\/\"],\"logo\":{\"@type\":\"ImageObject\",\"@id\":\"https:\/\/medecine-philosophie.com\/#logo\",\"inLanguage\":\"fr-FR\",\"url\":\"https:\/\/medecine-philosophie.com\/wp-content\/uploads\/2018\/04\/Revue-de-m\\u00e9decine-et-philosophie-pdf.jpg\",\"caption\":\"Revue M\\u00e9decine et Philosophie\"},\"image\":{\"@id\":\"https:\/\/medecine-philosophie.com\/#logo\"}},{\"@type\":\"WebSite\",\"@id\":\"https:\/\/medecine-philosophie.com\/#website\",\"url\":\"https:\/\/medecine-philosophie.com\/\",\"name\":\"Revue M\\u00e9decine et Philosophie\",\"description\":\"Revue interdisciplinaire\",\"publisher\":{\"@id\":\"https:\/\/medecine-philosophie.com\/#organization\"},\"potentialAction\":[{\"@type\":\"SearchAction\",\"target\":\"https:\/\/medecine-philosophie.com\/?s={search_term_string}\",\"query-input\":\"required name=search_term_string\"}],\"inLanguage\":\"fr-FR\"},{\"@type\":\"WebPage\",\"@id\":\"https:\/\/medecine-philosophie.com\/index.php\/a-propos-de\/la-redaction\/#webpage\",\"url\":\"https:\/\/medecine-philosophie.com\/index.php\/a-propos-de\/la-redaction\/\",\"name\":\"La r\\u00e9daction - Revue M\\u00e9decine et Philosophie\",\"isPartOf\":{\"@id\":\"https:\/\/medecine-philosophie.com\/#website\"},\"datePublished\":\"2018-04-09T17:34:50+00:00\",\"dateModified\":\"2024-08-25T13:13:07+00:00\",\"breadcrumb\":{\"@id\":\"https:\/\/medecine-philosophie.com\/index.php\/a-propos-de\/la-redaction\/#breadcrumb\"},\"inLanguage\":\"fr-FR\",\"potentialAction\":[{\"@type\":\"ReadAction\",\"target\":[\"https:\/\/medecine-philosophie.com\/index.php\/a-propos-de\/la-redaction\/\"]}]},{\"@type\":\"BreadcrumbList\",\"@id\":\"https:\/\/medecine-philosophie.com\/index.php\/a-propos-de\/la-redaction\/#breadcrumb\",\"itemListElement\":[{\"@type\":\"ListItem\",\"position\":1,\"item\":{\"@type\":\"WebPage\",\"@id\":\"https:\/\/medecine-philosophie.com\/\",\"url\":\"https:\/\/medecine-philosophie.com\/\",\"name\":\"Accueil\"}},{\"@type\":\"ListItem\",\"position\":2,\"item\":{\"@type\":\"WebPage\",\"@id\":\"https:\/\/medecine-philosophie.com\/index.php\/a-propos-de\/\",\"url\":\"https:\/\/medecine-philosophie.com\/index.php\/a-propos-de\/\",\"name\":\"A propos de la revue\"}},{\"@type\":\"ListItem\",\"position\":3,\"item\":{\"@type\":\"WebPage\",\"@id\":\"https:\/\/medecine-philosophie.com\/index.php\/a-propos-de\/la-redaction\/\",\"url\":\"https:\/\/medecine-philosophie.com\/index.php\/a-propos-de\/la-redaction\/\",\"name\":\"La r\\u00e9daction\"}}]}]}<\/script>\n<!-- \/ Yoast SEO plugin. -->","_links":{"self":[{"href":"https:\/\/medecine-philosophie.com\/index.php\/wp-json\/wp\/v2\/pages\/75"}],"collection":[{"href":"https:\/\/medecine-philosophie.com\/index.php\/wp-json\/wp\/v2\/pages"}],"about":[{"href":"https:\/\/medecine-philosophie.com\/index.php\/wp-json\/wp\/v2\/types\/page"}],"author":[{"embeddable":true,"href":"https:\/\/medecine-philosophie.com\/index.php\/wp-json\/wp\/v2\/users\/1"}],"replies":[{"embeddable":true,"href":"https:\/\/medecine-philosophie.com\/index.php\/wp-json\/wp\/v2\/comments?post=75"}],"version-history":[{"count":13,"href":"https:\/\/medecine-philosophie.com\/index.php\/wp-json\/wp\/v2\/pages\/75\/revisions"}],"predecessor-version":[{"id":1647,"href":"https:\/\/medecine-philosophie.com\/index.php\/wp-json\/wp\/v2\/pages\/75\/revisions\/1647"}],"up":[{"embeddable":true,"href":"https:\/\/medecine-philosophie.com\/index.php\/wp-json\/wp\/v2\/pages\/8"}],"wp:attachment":[{"href":"https:\/\/medecine-philosophie.com\/index.php\/wp-json\/wp\/v2\/media?parent=75"}],"curies":[{"name":"wp","href":"https:\/\/api.w.org\/{rel}","templated":true}]}}